{"id":191,"date":"2025-11-17T08:19:37","date_gmt":"2025-11-17T07:19:37","guid":{"rendered":"https:\/\/integrationsnetzwerk-sachsen-anhalt.de\/?page_id=191"},"modified":"2026-01-16T09:34:09","modified_gmt":"2026-01-16T08:34:09","slug":"impressum","status":"publish","type":"page","link":"https:\/\/integrationsnetzwerk-sachsen-anhalt.de\/en\/impressum\/","title":{"rendered":"IMPRESSUM"},"content":{"rendered":"<p>[et_pb_section fb_built=&#8220;1&#8243; _builder_version=&#8220;4.27.4&#8243; _module_preset=&#8220;default&#8220; custom_padding=&#8220;||30px||false|false&#8220; animation_style=&#8220;none&#8220; global_colors_info=&#8220;{}&#8220;][et_pb_row _builder_version=&#8220;4.27.4&#8243; _module_preset=&#8220;default&#8220; global_colors_info=&#8220;{}&#8220;][et_pb_column type=&#8220;4_4&#8243; _builder_version=&#8220;4.27.4&#8243; _module_preset=&#8220;default&#8220; global_colors_info=&#8220;{}&#8220;][et_pb_text module_id=&#8220;lc-text&#8220; _builder_version=&#8220;4.27.4&#8243; _module_preset=&#8220;default&#8220; link_font=&#8220;||||on|||#2271b1|&#8220; link_text_color=&#8220;#2271b1&#8243; global_colors_info=&#8220;{}&#8220;]<\/p>\n<h1><strong>Impressum<\/strong><\/h1>\n<p><strong><\/strong><\/p>\n<h2><strong>Webauftritt des Ministerium f\u00fcr Arbeit, Soziales, Gesundheit und Gleichstellung\u00a0des Landes Sachsen-Anhalt<span>\u00a0<\/span><\/strong><a href=\"http:\/\/www.ms.sachsen-anhalt.de\/\" target=\"_blank\" rel=\"noopener noreferrer\">www.ms.sachsen-anhalt.de<\/a><\/h2>\n<p>Ministerium f\u00fcr Arbeit, Soziales, Gesundheit und Gleichstellung<br \/>des Landes Sachsen-Anhalt<br \/>Referat Presse, \u00d6ffentlichkeitsarbeit, Internet<br \/>Turmschanzenstra\u00dfe 25<br \/>39114 Magdeburg<\/p>\n<p>Tel.: +49 391 567 4608<br \/>Fax: +49 391 567 4622<\/p>\n<p>E-Mail:<span>\u00a0<\/span><a href=\"https:\/\/ms.sachsen-anhalt.de\/aktuelles\">ms-presse<\/a>(<a href=\"https:\/\/ms.sachsen-anhalt.de\/aktuelles\">at<\/a>)<a href=\"https:\/\/ms.sachsen-anhalt.de\/aktuelles\">ms.sachsen-anhalt.de<\/a><br \/><a href=\"http:\/\/www.ms.sachsen-anhalt.de\/\" target=\"_blank\" rel=\"noopener noreferrer\">www.ms.sachsen-anhalt.de<\/a><\/p>\n<p>Verantwortlich:\u00a0Martin Bollmann<br \/>Redaktion: Andreas Pinkert, Hanka Schapitz<\/p>\n<p><strong>Das Ministerium f\u00fcr Arbeit, Soziales, Gesundheit und Gleichstellung\u00a0des Landes Sachsen-Anhalt in den sozialen Medien<\/strong><\/p>\n<p>Ministerium f\u00fcr Arbeit, Soziales, Gesundheit und Gleichstellung<br \/>des Landes Sachsen-Anhalt<br \/>Referat Presse, \u00d6ffentlichkeitsarbeit, Internet<br \/>Turmschanzenstra\u00dfe 25<br \/>39114 Magdeburg<\/p>\n<p>Tel.: +49 391 567 4608<br \/>Fax: +49 391 567 4622<\/p>\n<p>E-Mail:<span>\u00a0<\/span><a href=\"https:\/\/ms.sachsen-anhalt.de\/aktuelles\">presse<\/a>(<a href=\"https:\/\/ms.sachsen-anhalt.de\/aktuelles\">at<\/a>)<a href=\"https:\/\/ms.sachsen-anhalt.de\/aktuelles\">ms.sachsen-anhalt.de<\/a><br \/><a href=\"http:\/\/www.ms.sachsen-anhalt.de\/\" target=\"_blank\" rel=\"noopener noreferrer\">www.ms.sachsen-anhalt.de<\/a><\/p>\n<p>Verantwortlich: Martin Bollmann<br \/>Redaktion: Andreas Pinkert, Hanka Schapitz<\/p>\n<p>Urheber- und Kennzeichenrecht:<\/p>\n<p>Die auf der Seite verwendeten Inhalte, Beitr\u00e4ge, Grafiken und Bilder sind urheberrechtlich gesch\u00fctzt, d\u00fcrfen allerdings im Rahmen der Sozialen Netzwerke und zum privaten Gebrauch geteilt, gepostet und weiterverbreitet werden.<\/p>\n<p><strong>Verantwortliche f\u00fcr die Datenverarbeitung<\/strong><span>\u00a0<\/span>ist das<br \/>Ministerium f\u00fcr Arbeit, Soziales, Gesundheit und Gleichstellung des Landes Sachsen-Anhalt<br \/>Turmschanzenstra\u00dfe 25<br \/>39114 Magdeburg<\/p>\n<p>Unsere Datenschutzbeauftragte, Bettina G\u00e4rtner, erreichen Sie unter der o.g. Adresse oder unter<span>\u00a0<\/span><a href=\"https:\/\/ms.sachsen-anhalt.de\/aktuelles\">Datenschutzbeauftragte<\/a>(<a href=\"https:\/\/ms.sachsen-anhalt.de\/aktuelles\">at<\/a>)<a href=\"https:\/\/ms.sachsen-anhalt.de\/aktuelles\">ms.sachsen-anhalt.de<\/a><\/p>\n<p><a href=\"https:\/\/www.sachsen-anhalt.de\/meta\/datenschutz\" title=\"Unter diesem Link erhalten Sie weitere Informationen\" target=\"_blank\" class=\"external-link-new-window\" rel=\"noopener\">Zur Datenschutzerkl\u00e4rung Landesportal Sachsen-Anhalt<\/a><\/p>\n<p><a href=\"https:\/\/ms.sachsen-anhalt.de\/fileadmin\/Bibliothek\/Politik_und_Verwaltung\/MS\/MS\/Presse_Startseite\/Archiv\/Informationen_gemaess_Artikel_13_und_14_Datenschutz.pdf\" title=\"Unter diesem Link k\u00f6nnen Sie eine Datei herunterladen\" class=\"download downloadpdf\" type=\"button\" id=\"DRB_BTN_96b0cea0-72d9-d5af-65df-aa6a49b96927\" data-toggle=\"modal\" data-target=\"#DRB_MDL_96b0cea0-72d9-d5af-65df-aa6a49b96927\" data-remote=\"false\">Anmeldung f\u00fcr eine Veranstaltung der \u00d6ffentlichkeitsarbeit<\/a><\/p>\n<p>[\/et_pb_text][\/et_pb_column][\/et_pb_row][\/et_pb_section][et_pb_section fb_built=&#8220;1&#8243; _builder_version=&#8220;4.27.4&#8243; _module_preset=&#8220;default&#8220; custom_padding=&#8220;30px||30px||true|false&#8220; animation_style=&#8220;none&#8220; global_colors_info=&#8220;{}&#8220;][et_pb_row _builder_version=&#8220;4.27.4&#8243; _module_preset=&#8220;default&#8220; global_colors_info=&#8220;{}&#8220;][et_pb_column type=&#8220;4_4&#8243; _builder_version=&#8220;4.27.4&#8243; _module_preset=&#8220;default&#8220; global_colors_info=&#8220;{}&#8220;][et_pb_text module_id=&#8220;lc-text&#8220; _builder_version=&#8220;4.27.4&#8243; _module_preset=&#8220;default&#8220; link_font=&#8220;||||on|||#2271b1|&#8220; link_text_color=&#8220;#2271b1&#8243; global_colors_info=&#8220;{}&#8220;]<\/p>\n<div id=\"c192223\" class=\"ce\">\n<h2>Landesportal www.sachsen-anhalt.de<\/h2>\n<\/div>\n<div id=\"c192224\" class=\"ce\">\n<div class=\"ce-textpic ce-center ce-above\">\n<div class=\"ce-bodytext\">\n<p>I. Herausgeber und Diensteanbieter<\/p>\n<p>Herausgeber und Diensteanbieter\u00a0gem. \u00a7 5 Abs. 1 TMG ist das Land Sachsen-Anhalt.<\/p>\n<p>Staatskanzlei und Ministerium f\u00fcr Kultur<br \/>des Landes Sachsen-Anhalt<br \/>Presse- und Informationsamt der Landesregierung<br \/>Hegelstra\u00dfe 40 &#8211; 42<br \/>39104 Magdeburg<br \/>Tel.: +49 391 567-01<br \/>E-Mail:\u00a0staatskanzlei(at)stk.sachsen-anhalt.de<\/p>\n<p>Inhaltlich verantwortlich gem. \u00a7 18 Abs. 2 MStV:<\/p>\n<p><strong>Gesamtredaktion &#8211; Leitung Landesportal<\/strong><\/p>\n<p>Regierungssprecher<br \/>Dr. Matthias Schuppe<\/p>\n<p>Staatskanzlei und Ministerium f\u00fcr Kultur<br \/>des Landes Sachsen-Anhalt<br \/>Presse- und Informationsamt der Landesregierung<br \/>Hegelstra\u00dfe 40 &#8211; 42<br \/>39104 Magdeburg<br \/>Tel.: +49 391 567-6660<br \/>E-Mail:\u00a0matthias.schuppe(at)stk.sachsen-anhalt.de<\/p>\n<p><strong>Redaktionen der Ministerien\u00a0<\/strong><\/p>\n<ul>\n<li>Ministerium f\u00fcr Infrastruktur und Digitales<br \/>Pressesprecher: Peter Mennicke<br \/>Turmschanzenstra\u00dfe 30<br \/>39114 Magdeburg<br \/>Tel.: +49 391 567-7504<br \/>E-Mail:\u00a0presse-mid(at)sachsen-anhalt.de<\/li>\n<\/ul>\n<ul>\n<li>Ministerium f\u00fcr Wissenschaft, Energie, Klimaschutz und Umwelt<br \/>Pressesprecher: Matthias Stoffregen<br \/>Leipziger Stra\u00dfe 58<br \/>39112 Magdeburg<br \/>Tel.: +49 391 567-1950<br \/>E-Mail:\u00a0pr(at)mwu.sachsen-anhalt.de<\/li>\n<\/ul>\n<ul>\n<li>Ministerium f\u00fcr Inneres und Sport<br \/>Pressesprecherin: Patricia Blei<br \/>Halberst\u00e4dter Stra\u00dfe 2\/am &#8222;Platz des 17. Juni&#8220;<br \/>39112 Magdeburg<br \/>Tel.: +49 391 567-5516\/ -5377\/ -5514<br \/>E-Mail:\u00a0pressestelle(at)mi.sachsen-anhalt.de<\/li>\n<\/ul>\n<ul>\n<li>Ministerium f\u00fcr Bildung<br \/>Pressesprecher: Elmer Emig<br \/>Turmschanzenstra\u00dfe 32<br \/>39114 Magdeburg<br \/>Tel.: +49 391 567-3638<br \/>E-Mail:\u00a0mb-presse(at)sachsen-anhalt.de<\/li>\n<\/ul>\n<ul>\n<li>Ministerium f\u00fcr Arbeit, Soziales, Gesundheit und Gleichstellung<br \/>Pressesprecher: Martin Bollmann<br \/>Turmschanzenstra\u00dfe 25<br \/>39114 Magdeburg<br \/>Tel.: +49 391 567-4612<br \/>E-Mail:\u00a0ms-presse(at)ms.sachsen-anhalt.de<\/li>\n<\/ul>\n<ul>\n<li>Ministerium f\u00fcr Wirtschaft, Tourismus, Landwirtschaft und Forsten<br \/>Pressesprecherin: Tanja Andrys<br \/>Hasselbachstra\u00dfe 4<br \/>39104 Magdeburg<br \/>Tel: +49 391 567-4220<br \/>E-Mail:\u00a0presse(at)mw.sachsen-anhalt.de<\/li>\n<\/ul>\n<ul>\n<li>Ministerium der Finanzen<br \/>Pressesprecherin: Nancy Eggeling<br \/>Editharing 40<br \/>39108 Magdeburg<br \/>Tel.: +49 391 567-1105, -1334<br \/>E-Mail:\u00a0presse.mf(at).sachsen-anhalt.de<\/li>\n<li>Ministerium f\u00fcr Justiz und Verbraucherschutz<br \/>Pressesprecher: Danilo Weiser<br \/>Domplatz 2 &#8211; 4<br \/>39104 Magdeburg<br \/>Tel.: +49 391 567-6235<br \/>E-Mail:\u00a0mj.presse(at)sachsen-anhalt.de<\/li>\n<\/ul>\n<\/div>\n<\/div>\n<\/div>\n<p>[\/et_pb_text][\/et_pb_column][\/et_pb_row][\/et_pb_section][et_pb_section fb_built=&#8220;1&#8243; _builder_version=&#8220;4.27.4&#8243; _module_preset=&#8220;default&#8220; custom_padding=&#8220;30px||30px||true|false&#8220; animation_style=&#8220;none&#8220; global_colors_info=&#8220;{}&#8220;][et_pb_row _builder_version=&#8220;4.27.4&#8243; _module_preset=&#8220;default&#8220; global_colors_info=&#8220;{}&#8220;][et_pb_column type=&#8220;4_4&#8243; _builder_version=&#8220;4.27.4&#8243; _module_preset=&#8220;default&#8220; global_colors_info=&#8220;{}&#8220;][et_pb_text module_id=&#8220;lc-text&#8220; _builder_version=&#8220;4.27.4&#8243; _module_preset=&#8220;default&#8220; link_font=&#8220;||||on|||#2271b1|&#8220; link_text_color=&#8220;#2271b1&#8243; global_colors_info=&#8220;{}&#8220;]<\/p>\n<div id=\"c192223\" class=\"ce\"><\/div>\n<div id=\"c192224\" class=\"ce\">\n<div class=\"ce-textpic ce-center ce-above\">\n<div class=\"ce-bodytext\">\n<p><strong>Verantwortung f\u00fcr den technischen Betrieb<\/strong><\/p>\n<p>Ministerium f\u00fcr Infrastruktur und Digitales<br \/>Turmschanzenstra\u00dfe 30<br \/>39114 Magdeburg<br \/>E-Mail:\u00a0MF-F-Landesportal(at)sachsen-anhalt.de<\/p>\n<p><strong>Betrieb, Weiterentwicklung, technischer Support<\/strong><br \/>Dataport<br \/>Altenholzer Stra\u00dfe 10 &#8211; 14<br \/>24161 Altenholz<br \/>Tel.: +49 431 3295-0<br \/>E-Mail:\u00a0poststelle(at)dataport.de<br \/><a href=\"http:\/\/dataport.de\/\" title=\"Webseite Dataport\" target=\"_blank\" rel=\"noopener noreferrer\">dataport.de<\/a><br \/><strong>Hinweis: F\u00fcr Anfragen zu Seiten im Landesportal verwenden Sie bitte das jeweilige Kontaktformular.<\/strong><\/p>\n<p>II. Rechtshinweise<\/p>\n<\/div>\n<\/div>\n<\/div>\n<p>[\/et_pb_text][\/et_pb_column][\/et_pb_row][\/et_pb_section][et_pb_section fb_built=&#8220;1&#8243; _builder_version=&#8220;4.27.4&#8243; _module_preset=&#8220;default&#8220; custom_padding=&#8220;30px||30px||true|false&#8220; animation_style=&#8220;none&#8220; global_colors_info=&#8220;{}&#8220;][et_pb_row _builder_version=&#8220;4.27.4&#8243; _module_preset=&#8220;default&#8220; global_colors_info=&#8220;{}&#8220;][et_pb_column type=&#8220;4_4&#8243; _builder_version=&#8220;4.27.4&#8243; _module_preset=&#8220;default&#8220; global_colors_info=&#8220;{}&#8220;][et_pb_text module_id=&#8220;lc-text&#8220; _builder_version=&#8220;4.27.4&#8243; _module_preset=&#8220;default&#8220; link_font=&#8220;||||on|||#2271b1|&#8220; link_text_color=&#8220;#2271b1&#8243; global_colors_info=&#8220;{}&#8220;]<\/p>\n<div id=\"c192223\" class=\"ce\"><strong>Haftungsausschluss<\/strong><\/div>\n<div id=\"c192224\" class=\"ce\">\n<div class=\"ce-textpic ce-center ce-above\">\n<div class=\"ce-bodytext\">\n<p>Das Presse- und Informationsamt der Landesregierung Sachsen-Anhalts stellt das Internetangebot im Landesportal unter folgenden Nutzungsbedingungen zur Verf\u00fcgung:<\/p>\n<p>Alle Inhalte unseres Internetangebotes werden sorgf\u00e4ltig gepr\u00fcft. Wir bem\u00fchen uns, dieses Angebot aktuell, inhaltlich richtig und vollst\u00e4ndig anzubieten. Dennoch ist das Auftreten von Fehlern und M\u00e4ngeln nicht v\u00f6llig auszuschlie\u00dfen. Eine Garantie f\u00fcr die Vollst\u00e4ndigkeit, Richtigkeit und Aktualit\u00e4t kann daher nicht \u00fcbernommen werden.<\/p>\n<p>Das Presse- und Informationsamt ist als Dienstanbieter gem. \u00a7 7 Abs. 1 Telemediengesetz (TMG) f\u00fcr die eigenen Inhalte verantwortlich. Die Haftung f\u00fcr Verm\u00f6genssch\u00e4den oder Nichtverm\u00f6genssch\u00e4den, ausgenommen Sch\u00e4den an Leben, K\u00f6rper oder Gesundheit, die durch die Nutzung der Inhalte verursacht werden, ist ausgeschlossen, sofern nicht Vorsatz oder grob fahrl\u00e4ssiges Verschulden des Autors vorliegen.<\/p>\n<p>Das Presse- und Informationsamt macht sich den Inhalt der innerhalb seines Angebotes zus\u00e4tzlich per Hyperlinks zug\u00e4nglich gemachten fremden Websites ausdr\u00fccklich nicht zu Eigen und kann f\u00fcr deren inhaltliche Korrektheit, Vollst\u00e4ndigkeit, Qualit\u00e4t, Verf\u00fcgbarkeit sowie die Einhaltung von Bestimmungen nach dem deutschen Datenschutzrecht keine Gew\u00e4hr leisten. Diese Erkl\u00e4rung gilt sowohl f\u00fcr die Internetseiten Dritter, die das Internetportal des Landes durch externe Links zug\u00e4nglich macht, als auch f\u00fcr die Inhalte verschiedener Rubriken im Landesportal, die durch die zust\u00e4ndigen Ministerien koordiniert werden. Ein Haftungsausschluss des Presse- und Informationsamtes der Landesregierung besteht gem\u00e4\u00df \u00a7 8 Abs. 1 TMG auch f\u00fcr die Inhalte der sogenannten Fachportale innerhalb des Landesportals www.sachsen-anhalt.de.<\/p>\n<p>Das Presse- und Informationsamt der Landesregierung beh\u00e4lt sich ausdr\u00fccklich vor, einzelne Dokumente oder das gesamte Angebot des Landesportals ohne gesonderte Ank\u00fcndigung zu ver\u00e4ndern, zu erg\u00e4nzen, zu l\u00f6schen oder die Ver\u00f6ffentlichung im Internet zeitweise oder endg\u00fcltig einzustellen.<\/p>\n<p>Das Presse- und Informationsamt der Landesregierung distanziert sich von allen fremden Inhalten, die m\u00f6glicherweise straf- oder haftungsrechtlich relevant sind oder gegen die guten Sitten versto\u00dfen.<\/p>\n<p>Diese Erkl\u00e4rung gilt f\u00fcr alle Internetseiten Dritter, zu denen aktuell und zuk\u00fcnftig im Landesportal Sachsen-Anhalt Verweise f\u00fchren, solange das Presse- und Informationsamt keine Kenntnis von eventuellen rechtswidrigen bzw. strafbaren Inhalten auf den verlinkten Seiten hat. Wir sind nicht dazu verpflichtet, st\u00e4ndig zu pr\u00fcfen, ob sich auf den verlinkten Seiten Ver\u00e4nderungen ergeben haben. Sollten Sie der Ansicht sein, dass verlinkte externe Inhalte gegen geltendes Recht versto\u00dfen oder als unangemessen anzusehen sind, so teilen Sie uns dies bitte mit.<\/p>\n<p>Dieser Haftungsausschluss ist als Teil des Internetangebotes zu beachten, von dem aus auf diese Seite verwiesen wurde. Sofern Teile oder einzelne Formulierungen dieses Textes der geltenden Rechtslage nicht, nicht mehr oder nicht vollst\u00e4ndig entsprechen sollten, bleiben die \u00fcbrigen Teile des Dokumentes in ihrem Inhalt und ihrer G\u00fcltigkeit davon unber\u00fchrt.<\/p>\n<p>F\u00fcr die Nutzung des Email-Service gelten die dort ver\u00f6ffentlichten Nutzungsbedingungen.<\/p>\n<\/div>\n<\/div>\n<\/div>\n<p>[\/et_pb_text][\/et_pb_column][\/et_pb_row][\/et_pb_section]<\/p>\n","protected":false},"excerpt":{"rendered":"<p>Impressum Webauftritt des Ministerium f\u00fcr Arbeit, Soziales, Gesundheit und Gleichstellung\u00a0des Landes Sachsen-Anhalt\u00a0www.ms.sachsen-anhalt.de Ministerium f\u00fcr Arbeit, Soziales, Gesundheit und Gleichstellungdes Landes Sachsen-AnhaltReferat Presse, \u00d6ffentlichkeitsarbeit, InternetTurmschanzenstra\u00dfe&#8230;<\/p>","protected":false},"author":1,"featured_media":0,"parent":0,"menu_order":0,"comment_status":"closed","ping_status":"closed","template":"page-fullwidth-content.php","meta":{"_acf_changed":false,"_et_pb_use_builder":"on","_et_pb_old_content":"","_et_gb_content_width":"","footnotes":""},"class_list":["post-191","page","type-page","status-publish","hentry"],"acf":[],"_links":{"self":[{"href":"https:\/\/integrationsnetzwerk-sachsen-anhalt.de\/en\/wp-json\/wp\/v2\/pages\/191","targetHints":{"allow":["GET"]}}],"collection":[{"href":"https:\/\/integrationsnetzwerk-sachsen-anhalt.de\/en\/wp-json\/wp\/v2\/pages"}],"about":[{"href":"https:\/\/integrationsnetzwerk-sachsen-anhalt.de\/en\/wp-json\/wp\/v2\/types\/page"}],"author":[{"embeddable":true,"href":"https:\/\/integrationsnetzwerk-sachsen-anhalt.de\/en\/wp-json\/wp\/v2\/users\/1"}],"replies":[{"embeddable":true,"href":"https:\/\/integrationsnetzwerk-sachsen-anhalt.de\/en\/wp-json\/wp\/v2\/comments?post=191"}],"version-history":[{"count":0,"href":"https:\/\/integrationsnetzwerk-sachsen-anhalt.de\/en\/wp-json\/wp\/v2\/pages\/191\/revisions"}],"wp:attachment":[{"href":"https:\/\/integrationsnetzwerk-sachsen-anhalt.de\/en\/wp-json\/wp\/v2\/media?parent=191"}],"curies":[{"name":"wp","href":"https:\/\/api.w.org\/{rel}","templated":true}]}}